{"id":33,"date":"2020-07-04T15:42:06","date_gmt":"2020-07-04T13:42:06","guid":{"rendered":"http:\/\/localhost:8888\/florence\/?page_id=33"},"modified":"2025-08-07T13:45:58","modified_gmt":"2025-08-07T11:45:58","slug":"mon-parcours","status":"publish","type":"page","link":"https:\/\/florence-grivot.com\/index.php\/mon-parcours\/","title":{"rendered":"Mon parcours"},"content":{"rendered":"<p>[et_pb_section fb_built=\u00a0\u00bb1&Prime; _builder_version=\u00a0\u00bb4.4.9&Prime; custom_padding=\u00a0\u00bb0px||2px|||\u00a0\u00bb][et_pb_row column_structure=\u00a0\u00bb2_5,3_5&Prime; use_custom_gutter=\u00a0\u00bbon\u00a0\u00bb gutter_width=\u00a0\u00bb1&Prime; _builder_version=\u00a0\u00bb4.3.1&Prime; width=\u00a0\u00bb100%\u00a0\u00bb max_width=\u00a0\u00bb2560px\u00a0\u00bb custom_margin=\u00a0\u00bb0px|auto|36px|auto||\u00a0\u00bb custom_padding=\u00a0\u00bb||3px|||\u00a0\u00bb][et_pb_column type=\u00a0\u00bb2_5&Prime; _builder_version=\u00a0\u00bb4.3.1&Prime; background_color=\u00a0\u00bbrgba(0,0,0,0)\u00a0\u00bb background_enable_image=\u00a0\u00bboff\u00a0\u00bb][et_pb_image src=\u00a0\u00bbhttps:\/\/florence-grivot.com\/wp-content\/uploads\/2020\/09\/0867_001.jpg\u00a0\u00bb align=\u00a0\u00bbright\u00a0\u00bb _builder_version=\u00a0\u00bb4.3.1&Prime; width=\u00a0\u00bb59%\u00a0\u00bb max_width=\u00a0\u00bb74%\u00a0\u00bb animation_style=\u00a0\u00bbslide\u00a0\u00bb animation_direction=\u00a0\u00bbleft\u00a0\u00bb][\/et_pb_image][\/et_pb_column][et_pb_column type=\u00a0\u00bb3_5&Prime; _builder_version=\u00a0\u00bb4.4.9&Prime;][et_pb_text _builder_version=\u00a0\u00bb4.3.1&Prime; custom_margin=\u00a0\u00bb2px|132px||45px|false|false\u00a0\u00bb custom_padding=\u00a0\u00bb||13px|||\u00a0\u00bb animation_style=\u00a0\u00bbslide\u00a0\u00bb animation_direction=\u00a0\u00bbright\u00a0\u00bb inline_fonts=\u00a0\u00bbTimes New Roman\u00a0\u00bb]<\/p>\n<p><span style=\"font-family: 'Times New Roman'; font-weight: normal; font-size: x-large;\">Florence Grivot<\/span><\/p>\n<p>[\/et_pb_text][et_pb_divider divider_weight=\u00a0\u00bb3px\u00a0\u00bb _builder_version=\u00a0\u00bb4.3.1&Prime; width=\u00a0\u00bb10%\u00a0\u00bb module_alignment=\u00a0\u00bbleft\u00a0\u00bb custom_margin=\u00a0\u00bb|||0px|false|false\u00a0\u00bb custom_padding=\u00a0\u00bb|||48px|false|false\u00a0\u00bb animation_style=\u00a0\u00bbslide\u00a0\u00bb animation_direction=\u00a0\u00bbright\u00a0\u00bb animation_delay=\u00a0\u00bb50ms\u00a0\u00bb][\/et_pb_divider][et_pb_text _builder_version=\u00a0\u00bb4.3.1&Prime; width=\u00a0\u00bb54%\u00a0\u00bb max_width=\u00a0\u00bb63%\u00a0\u00bb custom_margin=\u00a0\u00bb6px|5px||45px|false|false\u00a0\u00bb animation_style=\u00a0\u00bbslide\u00a0\u00bb animation_direction=\u00a0\u00bbright\u00a0\u00bb animation_delay=\u00a0\u00bb100ms\u00a0\u00bb]<\/p>\n<p class=\"p1\">Florence Grivot n\u00e9e en 1965 \u00e0 Pithiviers, vit et travaille \u00e0 Nancy.<\/p>\n<p class=\"p1\">Dans les ann\u00e9es 80, la sculpture se r\u00e9v\u00e8le \u00e0 elle par la transformation d&rsquo;un bloc de pierre en t\u00eate humaine, calme et sereine. L&rsquo;\u00e9motion et le sentiment d&rsquo;exister face \u00e0 cette cr\u00e9ation font foi.<\/p>\n<p class=\"p1\">L&rsquo;histoire se poursuit gr\u00e2ce \u00e0 la rencontre d&rsquo;un professeur : Fernando Moreno Robledo, qui la forme au modelage et moulage.<\/p>\n<p class=\"p1\">Elle s&rsquo;inscrit en tant qu&rsquo;auteur plasticienne \u00e0 la maison des artistes \u00e0 compter de 2003.<\/p>\n<p class=\"p1\">Depuis lors, elle r\u00e9pond \u00e0 des commandes et s&rsquo;engage dans des productions \u00e9clectiques de sculptures et d&rsquo;installations, pour l&rsquo;espace public et priv\u00e9.<\/p>\n<p class=\"p1\">Son temps reste \u00e0 ce jour partager entre sa propre cr\u00e9ation et l&rsquo;accompagnement de celle des autres, dans le respect de leur singularit\u00e9.<\/p>\n<p>[\/et_pb_text][\/et_pb_column][\/et_pb_row][\/et_pb_section][et_pb_section fb_built=\u00a0\u00bb1&Prime; _builder_version=\u00a0\u00bb4.3.1&Prime; background_color=\u00a0\u00bb#b55944&Prime; custom_padding=\u00a0\u00bb25px|||||\u00a0\u00bb][et_pb_row column_structure=\u00a0\u00bb1_2,1_2&Prime; _builder_version=\u00a0\u00bb4.4.9&Prime;][et_pb_column type=\u00a0\u00bb1_2&Prime; _builder_version=\u00a0\u00bb4.4.9&Prime;][et_pb_text _builder_version=\u00a0\u00bb4.3.1&Prime; custom_margin=\u00a0\u00bb||14px|||\u00a0\u00bb animation_style=\u00a0\u00bbslide\u00a0\u00bb animation_direction=\u00a0\u00bbtop\u00a0\u00bb animation_delay=\u00a0\u00bb200ms\u00a0\u00bb]<\/p>\n<p><span style=\"color: #ffffff;\"><strong>Expositions\/installations collectives<\/strong><\/span><\/p>\n<p>[\/et_pb_text][et_pb_divider color=\u00a0\u00bb#ffffff\u00a0\u00bb divider_weight=\u00a0\u00bb2px\u00a0\u00bb _builder_version=\u00a0\u00bb4.3.1&Prime; width=\u00a0\u00bb27%\u00a0\u00bb custom_margin=\u00a0\u00bb||-5px|0px|false|false\u00a0\u00bb custom_padding=\u00a0\u00bb|||0px|false|false\u00a0\u00bb][\/et_pb_divider][et_pb_text _builder_version=\u00a0\u00bb4.3.1&Prime; text_text_color=\u00a0\u00bb#ffffff\u00a0\u00bb custom_margin=\u00a0\u00bb||14px|||\u00a0\u00bb animation_style=\u00a0\u00bbslide\u00a0\u00bb animation_direction=\u00a0\u00bbtop\u00a0\u00bb animation_delay=\u00a0\u00bb200ms\u00a0\u00bb]<\/p>\n<p>&nbsp;<\/p>\n<ul>\n<li><span>\u00ab Refuges \u00bb, \u00c0 l\u2019origine Terre, Verre, Mer, 54 Essey les Nancy, 2025<\/span><\/li>\n<li><span>\u00ab \u00a0Sereno \u00bb, Le Grand Palais, Salon des ind\u00e9pendants, 75, Paris 2025<\/span><\/li>\n<li><span>\u00ab \u00a0Cr\u00e9ature \u00bb, Art\u2019Stom, Le hall de l\u2019octroi, 54, Nancy, 2025<\/span><\/li>\n<li><span>\u00ab Graines en dormance \u00bb, OpenSpace, H\u00f4tel de Lillebonne, 54, Nancy, 2025<\/span><\/li>\n<li>\u00ab\u00a0\u00cel\u00a0\u00bb et \u00ab\u00a0Infant\u00a0\u00bb, Orangerie du S\u00e9nat, Salon des Beaux Arts, 75 Paris, 2024<\/li>\n<li><span>\u00ab\u00a0Gr\u00e2ce et Pr\u00e9sence\u00a0\u00bb, Salon M\u00e9tiers d&rsquo;Art, 54 Nancy, 2024<\/span><\/li>\n<li><span>\u00ab\u00a0D\u00e9tricotage\u00a0\u00bb,\u00a0Les artistes Lorrains, 54 Nancy 2023<\/span><span><\/span><\/li>\n<li><span>\u00ab\u00a0Gr\u00e2ce et Pr\u00e9sence\u00a0\u00bb, Les artistes Lorrains, 54 Nancy 2023<\/span><span style=\"color: #ffffff;\"><\/span><\/li>\n<li><span style=\"color: #ffffff;\">Scorpion , Jardin de Pascale Leli\u00e8vre, 54 Nancy, 2021\u00a0 \u00a0 \u00a0 \u00a0 \u00a0 \u00a0 \u00a0 \u00a0 \u00a0 \u00a0 \u00a0 \u00a0 \u00a0 \u00a0 \u00a0 \u00a0 \u00a0<\/span><\/li>\n<li><span style=\"color: #ffffff;\">Coques , Le P&rsquo;tit baz&rsquo;art les 20ans, 54 Nancy, 2021\u00a0 \u00a0 \u00a0 \u00a0 \u00a0 \u00a0 \u00a0 \u00a0 \u00a0 \u00a0 \u00a0 \u00a0 \u00a0 \u00a0 \u00a0 \u00a0\u00a0<\/span><\/li>\n<li><span style=\"color: #ffffff;\">Gr\u00e2ce et pr\u00e9sences, \u00a0La Voix des clous, 54 , 2021\u00a0 \u00a0 \u00a0 \u00a0 \u00a0 \u00a0 \u00a0 \u00a0 \u00a0 \u00a0 \u00a0 \u00a0 \u00a0 \u00a0 \u00a0 \u00a0 \u00a0 \u00a0 \u00a0<\/span><\/li>\n<li><span style=\"color: #ffffff;\">\u00a0Mes douces, Impromptus, Galerie TEM, 54 Goviller, 2021\u00a0 \u00a0 \u00a0 \u00a0 \u00a0 \u00a0 \u00a0 \u00a0 \u00a0 \u00a0 \u00a0 \u00a0 \u00a0 \u00a0 \u00a0 \u00a0 \u00a0<\/span><\/li>\n<li><span style=\"color: #ffffff;\">BB Bouddha, Arts aux Jardins, 54 Lay-Saint-Christophe, 2021<\/span><\/li>\n<li><span style=\"color: #ffffff;\">Elle, Galerie JAL, 17 Les Portes En R\u00e9, 2020<\/span><\/li>\n<li><span style=\"color: #ffffff;\">Gr\u00e2ce, Galerie TEM, 54 Goviller, 2019<\/span><\/li>\n<li><span style=\"color: #ffffff;\">Doux r\u00eaveurs, Sculptures en ville, 54 Nancy, 2018<\/span><\/li>\n<li><span style=\"color: #ffffff;\">Bulles d&rsquo;Or, arts et jardins, 54 Adou\u00e9, 2018<\/span><\/li>\n<li><span style=\"color: #ffffff;\">Du cou, Galerie TEM, 54 Goviller, 2016<\/span><\/li>\n<li><span style=\"color: #ffffff;\">Rencontres, Galerie Socles et Cimaises, 54 Nancy, 2016<\/span><\/li>\n<li><span style=\"color: #ffffff;\">Entre soi, Galerie TEM, 54 Goviller, 2013<\/span><\/li>\n<li><span style=\"color: #ffffff;\">Flottement, Galerie TEM, 54 Goviller , 2011<\/span><\/li>\n<li><span style=\"color: #ffffff;\">Art et Maternit\u00e9 Le dernier Tabou?, Les Abattoirs, 89 Avallon, 2011<\/span><\/li>\n<li><span style=\"color: #ffffff;\">Avant d\u00e9molition, 54 Lyc\u00e9e A .Varoquaux Tomblaine, 2010<\/span><\/li>\n<li><span style=\"color: #ffffff;\">Les Calougeottes,en dehors des sentiers battus, 54 Laxou , 2009<\/span><\/li>\n<li><span style=\"color: #ffffff;\">Courant d\u2019art en campagne, 54 Royaumeix, 2008<\/span><\/li>\n<li><span style=\"color: #ffffff;\">Colonnes m\u00f6elleuses, Galerie Vokaer, Bruxelles, 2005<\/span><\/li>\n<li><span style=\"color: #ffffff;\">Tripodes, Galerie Ovadia, 54 Nancy, 2004<\/span><\/li>\n<li><span style=\"color: #ffffff;\">M\u00e9morial de la vache folle, 68 Altkich, 2004<\/span><\/li>\n<li><span style=\"color: #ffffff;\">L&rsquo;Arachn\u00e9\u00efde, Festival des Insolites, 54 Baccarat, 2003<\/span><\/li>\n<li><span style=\"color: #ffffff;\">Un bestiaire chez Stanislas , 55 Commercy, 2001<\/span><\/li>\n<li><span style=\"color: #ffffff;\">La Ponte, FIPAN,52 Montier en Der, 2000<\/span><\/li>\n<li><span style=\"color: #ffffff;\">Regain, Poirel, 54 Nancy, 1999<\/span><\/li>\n<li><span style=\"color: #ffffff;\">Mythe de la vache, maison des Dimes, 54 Gondreville, 1999<\/span><\/li>\n<\/ul>\n<p>&nbsp;<\/p>\n<p><span style=\"color: #ffffff;\">\u00a0<\/span><\/p>\n<p>&nbsp;<\/p>\n<p>[\/et_pb_text][\/et_pb_column][et_pb_column type=\u00a0\u00bb1_2&Prime; _builder_version=\u00a0\u00bb4.4.9&Prime;][et_pb_text _builder_version=\u00a0\u00bb4.3.1&Prime; custom_margin=\u00a0\u00bb||14px|||\u00a0\u00bb animation_style=\u00a0\u00bbslide\u00a0\u00bb animation_direction=\u00a0\u00bbtop\u00a0\u00bb]<\/p>\n<p><span style=\"color: #ffffff;\"><strong>Expositions\/installations individuelles<\/strong><\/span><\/p>\n<p>[\/et_pb_text][et_pb_divider color=\u00a0\u00bb#ffffff\u00a0\u00bb divider_weight=\u00a0\u00bb2px\u00a0\u00bb _builder_version=\u00a0\u00bb4.3.1&Prime; width=\u00a0\u00bb27%\u00a0\u00bb custom_margin=\u00a0\u00bb||16px|0px|false|false\u00a0\u00bb custom_padding=\u00a0\u00bb|||0px|false|false\u00a0\u00bb animation_style=\u00a0\u00bbslide\u00a0\u00bb animation_direction=\u00a0\u00bbtop\u00a0\u00bb][\/et_pb_divider][et_pb_text _builder_version=\u00a0\u00bb4.3.1&Prime; text_text_color=\u00a0\u00bb#ffffff\u00a0\u00bb custom_margin=\u00a0\u00bb||86px|||\u00a0\u00bb animation_style=\u00a0\u00bbslide\u00a0\u00bb animation_direction=\u00a0\u00bbtop\u00a0\u00bb]<\/p>\n<ul>\n<li style=\"text-align: left;\"><span style=\"color: #ffffff;\">Gr\u00e2ce et Pr\u00e9sences, La petite boucherie, 54 Toul, 2022<\/span><\/li>\n<li style=\"text-align: left;\"><span style=\"color: #ffffff;\">Flottement, MCL, 88 G\u00e9rardmer, 2018<\/span><\/li>\n<li style=\"text-align: left;\"><span style=\"color: #ffffff;\">Coques et dynamo, Galerie 379, Nancy, 2010<\/span><\/li>\n<li style=\"text-align: left;\"><span style=\"color: #ffffff;\">Reconnaissance, L\u2019Atelier, Nancy, 2009<\/span><\/li>\n<li style=\"text-align: left;\"><span style=\"color: #ffffff;\">La Femme Bouddha, voie ferr\u00e9e d\u00e9saffect\u00e9e, Nancy, 2007<\/span><\/li>\n<li style=\"text-align: left;\"><span style=\"color: #ffffff;\">Visiteur du 32 mai, Palais de Tokyo , Paris, 2005<\/span><\/li>\n<\/ul>\n<p>&nbsp;<\/p>\n<p>[\/et_pb_text][et_pb_text _builder_version=\u00a0\u00bb4.3.1&Prime; custom_margin=\u00a0\u00bb||11px|||\u00a0\u00bb animation_style=\u00a0\u00bbslide\u00a0\u00bb animation_direction=\u00a0\u00bbtop\u00a0\u00bb animation_delay=\u00a0\u00bb300ms\u00a0\u00bb]<\/p>\n<p><span style=\"color: #ffffff;\"><strong>Collaborations<\/strong><\/span><\/p>\n<p>[\/et_pb_text][et_pb_divider color=\u00a0\u00bb#ffffff\u00a0\u00bb divider_weight=\u00a0\u00bb2px\u00a0\u00bb _builder_version=\u00a0\u00bb4.3.1&Prime; width=\u00a0\u00bb27%\u00a0\u00bb custom_margin=\u00a0\u00bb||16px|0px|false|false\u00a0\u00bb custom_padding=\u00a0\u00bb|||0px|false|false\u00a0\u00bb animation_style=\u00a0\u00bbslide\u00a0\u00bb animation_direction=\u00a0\u00bbtop\u00a0\u00bb animation_delay=\u00a0\u00bb300ms\u00a0\u00bb][\/et_pb_divider][et_pb_text _builder_version=\u00a0\u00bb4.3.1&Prime; text_text_color=\u00a0\u00bb#ffffff\u00a0\u00bb animation_style=\u00a0\u00bbslide\u00a0\u00bb animation_direction=\u00a0\u00bbtop\u00a0\u00bb animation_delay=\u00a0\u00bb300ms\u00a0\u00bb]<\/p>\n<ul>\n<li><span style=\"color: #ffffff;\">La Nu\u00e9e, Lavoir, 54 Badonviller, 2022<\/span><\/li>\n<li><span style=\"color: #ffffff;\">En pr\u00e9sence, Galerie Z, 54 Nancy, 2022<br \/><\/span><\/li>\n<li><span style=\"color: #ffffff;\">Le Vagophone, Vost festival, Galerie Lillebonne, 54 Nancy, 2014<\/span><\/li>\n<li><span style=\"color: #ffffff;\">Trace de la trace, Maison de la Tour, 26 Valaurie, 2012-2013<\/span><\/li>\n<li><span style=\"color: #ffffff;\">Vestiges, Flex-week, 54 Nancy, 2012<\/span><\/li>\n<li><span style=\"color: #ffffff;\">O, spectacle po\u00e9tique, compagnie Tiramisu, 2011<\/span><\/li>\n<li><span style=\"color: #ffffff;\">Regardez le spectacle des cadd\u00e9ifi\u00e9es, installations sculptures vid\u00e9o, Christine Hall,\u00a0 2006 \u00e0 2008<\/span><\/li>\n<li><span style=\"color: #ffffff;\">Ouverture culturelle du centre Pablo Picasso, 54 Blenod les Pont \u00e0 Mousson, collaboration po\u00e9tique et musicale, Les Souricieuses, 2008<\/span><\/li>\n<li><span style=\"color: #ffffff;\">La Mouche, Compagnie Carlos Dogman, Main d&rsquo;Oeuvre, St Ouen, 2006<\/span><\/li>\n<\/ul>\n<p><span style=\"color: #ffffff;\">\u00a0<\/span><\/p>\n<p>[\/et_pb_text][\/et_pb_column][\/et_pb_row][\/et_pb_section]<\/p>\n","protected":false},"excerpt":{"rendered":"<p>[et_pb_section fb_built=\u00a0\u00bb1&Prime; _builder_version=\u00a0\u00bb4.4.9&Prime; custom_padding=\u00a0\u00bb0px||2px|||\u00a0\u00bb][et_pb_row column_structure=\u00a0\u00bb2_5,3_5&Prime; use_custom_gutter=\u00a0\u00bbon\u00a0\u00bb gutter_width=\u00a0\u00bb1&Prime; _builder_version=\u00a0\u00bb4.3.1&Prime; width=\u00a0\u00bb100%\u00a0\u00bb max_width=\u00a0\u00bb2560px\u00a0\u00bb custom_margin=\u00a0\u00bb0px|auto|36px|auto||\u00a0\u00bb custom_padding=\u00a0\u00bb||3px|||\u00a0\u00bb][et_pb_column type=\u00a0\u00bb2_5&Prime; _builder_version=\u00a0\u00bb4.3.1&Prime; background_color=\u00a0\u00bbrgba(0,0,0,0)\u00a0\u00bb background_enable_image=\u00a0\u00bboff\u00a0\u00bb][et_pb_image src=\u00a0\u00bbhttps:\/\/florence-grivot.com\/wp-content\/uploads\/2020\/09\/0867_001.jpg\u00a0\u00bb align=\u00a0\u00bbright\u00a0\u00bb _builder_version=\u00a0\u00bb4.3.1&Prime; width=\u00a0\u00bb59%\u00a0\u00bb max_width=\u00a0\u00bb74%\u00a0\u00bb animation_style=\u00a0\u00bbslide\u00a0\u00bb animation_direction=\u00a0\u00bbleft\u00a0\u00bb][\/et_pb_image][\/et_pb_column][et_pb_column type=\u00a0\u00bb3_5&Prime; _builder_version=\u00a0\u00bb4.4.9&Prime;][et_pb_text _builder_version=\u00a0\u00bb4.3.1&Prime; custom_margin=\u00a0\u00bb2px|132px||45px|false|false\u00a0\u00bb custom_padding=\u00a0\u00bb||13px|||\u00a0\u00bb animation_style=\u00a0\u00bbslide\u00a0\u00bb animation_direction=\u00a0\u00bbright\u00a0\u00bb inline_fonts=\u00a0\u00bbTimes New Roman\u00a0\u00bb] Florence Grivot [\/et_pb_text][et_pb_divider divider_weight=\u00a0\u00bb3px\u00a0\u00bb _builder_version=\u00a0\u00bb4.3.1&Prime; width=\u00a0\u00bb10%\u00a0\u00bb module_alignment=\u00a0\u00bbleft\u00a0\u00bb custom_margin=\u00a0\u00bb|||0px|false|false\u00a0\u00bb custom_padding=\u00a0\u00bb|||48px|false|false\u00a0\u00bb animation_style=\u00a0\u00bbslide\u00a0\u00bb animation_direction=\u00a0\u00bbright\u00a0\u00bb animation_delay=\u00a0\u00bb50ms\u00a0\u00bb][\/et_pb_divider][et_pb_text _builder_version=\u00a0\u00bb4.3.1&Prime; width=\u00a0\u00bb54%\u00a0\u00bb max_width=\u00a0\u00bb63%\u00a0\u00bb custom_margin=\u00a0\u00bb6px|5px||45px|false|false\u00a0\u00bb animation_style=\u00a0\u00bbslide\u00a0\u00bb animation_direction=\u00a0\u00bbright\u00a0\u00bb animation_delay=\u00a0\u00bb100ms\u00a0\u00bb] Florence Grivot n\u00e9e [&hellip;]<\/p>\n","protected":false},"author":2,"featured_media":0,"parent":0,"menu_order":0,"comment_status":"closed","ping_status":"closed","template":"","meta":{"_et_pb_use_builder":"on","_et_pb_old_content":"","_et_gb_content_width":"","footnotes":""},"_links":{"self":[{"href":"https:\/\/florence-grivot.com\/index.php\/wp-json\/wp\/v2\/pages\/33"}],"collection":[{"href":"https:\/\/florence-grivot.com\/index.php\/wp-json\/wp\/v2\/pages"}],"about":[{"href":"https:\/\/florence-grivot.com\/index.php\/wp-json\/wp\/v2\/types\/page"}],"author":[{"embeddable":true,"href":"https:\/\/florence-grivot.com\/index.php\/wp-json\/wp\/v2\/users\/2"}],"replies":[{"embeddable":true,"href":"https:\/\/florence-grivot.com\/index.php\/wp-json\/wp\/v2\/comments?post=33"}],"version-history":[{"count":24,"href":"https:\/\/florence-grivot.com\/index.php\/wp-json\/wp\/v2\/pages\/33\/revisions"}],"predecessor-version":[{"id":1469,"href":"https:\/\/florence-grivot.com\/index.php\/wp-json\/wp\/v2\/pages\/33\/revisions\/1469"}],"wp:attachment":[{"href":"https:\/\/florence-grivot.com\/index.php\/wp-json\/wp\/v2\/media?parent=33"}],"curies":[{"name":"wp","href":"https:\/\/api.w.org\/{rel}","templated":true}]}}